{"id":564,"date":"2022-05-02T14:23:29","date_gmt":"2022-05-02T13:23:29","guid":{"rendered":"https:\/\/centremedicsantantoni.com\/inicio\/"},"modified":"2024-07-09T11:21:08","modified_gmt":"2024-07-09T10:21:08","slug":"inicio","status":"publish","type":"page","link":"https:\/\/centremedicsantantoni.com\/es\/","title":{"rendered":"Centro M\u00e9dico Sant Antoni"},"content":{"rendered":"<div class=\"wpb-content-wrapper\"><p>[vc_row][vc_column][vc_custom_heading text=\u00bbPsicolog\u00eda Infante-Juvenil y Adultos, Logopedia, Psicopedagog\u00eda.\u00bb font_container=\u00bbtag:h1|text_align:left\u00bb use_theme_fonts=\u00bbyes\u00bb css=\u00bb\u00bb el_class=\u00bbmlh_h1&#8243;]<div class=\"porto-block\" data-id=\"576\"><style>.wpb_custom_c86c2fb53cae9eced42d4b8900a042f3 .owl-item:not(.active){opacity: 0.5}.wpb_custom_c86c2fb53cae9eced42d4b8900a042f3{--porto-el-spacing: 0px;}.wpb_custom_c2fd11c6b30dcb2ec0e274e537886cfc.porto-u-heading .porto-u-main-heading > *{font-size:2.3em;}.wpb_custom_c2fd11c6b30dcb2ec0e274e537886cfc .porto-u-sub-heading{font-size:1.3em;}.wpb_custom_c2fd11c6b30dcb2ec0e274e537886cfc.porto-u-heading .porto-u-main-heading > *{font-weight:600;letter-spacing:-2.448px;line-height:1.1em;}.wpb_custom_c2fd11c6b30dcb2ec0e274e537886cfc .porto-u-sub-heading{font-weight:500;line-height:1.3;}<\/style>[vc_section full_width=\"stretch_row_content\" bottom_divider_type=\"waves_opacity\" bottom_divider_flip=\"true\" bottom_divider_color=\"var(--porto-light-color)\" bottom_divider_height=\"100px\" conditional_render=\"%5B%7B%22value_role%22%3A%22administrator%22%7D%5D\"][vc_row full_width=\"stretch_row\" no_padding=\"yes\" el_class=\"mlh_slider overflow-hidden intro-section\" conditional_render=\"%5B%7B%22value_role%22%3A%22administrator%22%7D%5D\" el_id=\"slider\"][vc_column][vc_row_inner el_class=\"intro-banner\"][vc_column_inner el_class=\"h-100\"]<div class=\"porto-carousel owl-carousel has-ccols ccols-xl-1 ccols-lg-1 ccols-md-1 ccols-sm-1 ccols-1 custom-nav-style mb-0 h-100 wpb_custom_c86c2fb53cae9eced42d4b8900a042f3 nav-bottom\" data-plugin-options=\"{&quot;themeConfig&quot;:true,&quot;stagePadding&quot;:0,&quot;margin&quot;:0,&quot;autoplay&quot;:&quot;yes&quot;,&quot;mouseDrag&quot;:false,&quot;touchDrag&quot;:false,&quot;autoplayTimeout&quot;:6000,&quot;autoplayHoverPause&quot;:false,&quot;items&quot;:1,&quot;xl&quot;:1,&quot;lg&quot;:1,&quot;md&quot;:1,&quot;sm&quot;:1,&quot;xs&quot;:1,&quot;nav&quot;:&quot;yes&quot;,&quot;dots&quot;:false,&quot;animateIn&quot;:&quot;fadeIn&quot;,&quot;animateOut&quot;:&quot;fadeOut&quot;,&quot;loop&quot;:false,&quot;center&quot;:false,&quot;video&quot;:false,&quot;lazyLoad&quot;:false,&quot;fullscreen&quot;:false}\"><div class=\"porto-ibanner interactive-banner-wrap-07dd21040fa50768c9d370ae74e47015 mb-0 slide-1\" style=\"background:#f2f2f2;\"><div class=\"banner-effect-wrapper\"><div class=\"banner-effect kenBurnsToLeft\" style=\"background-image: url(https:\/\/centremedicsantantoni.com\/wp-content\/uploads\/2023\/04\/happy-emotion-1-scaled.jpg); background-size: cover;background-position: center;animation-duration: 20s;\"><\/div><\/div><img loading=\"lazy\" decoding=\"async\" alt=\"Centre Medic Sant Antoni Slider\" width=\"2560\" height=\"1966\" class=\"porto-ibanner-img invisible\" src=\"https:\/\/centremedicsantantoni.com\/wp-content\/uploads\/2023\/04\/happy-emotion-1-scaled.jpg\" srcset=\"https:\/\/centremedicsantantoni.com\/wp-content\/uploads\/2023\/04\/happy-emotion-1-scaled.jpg 2560w, https:\/\/centremedicsantantoni.com\/wp-content\/uploads\/2023\/04\/happy-emotion-1-1024x787.jpg 1024w, https:\/\/centremedicsantantoni.com\/wp-content\/uploads\/2023\/04\/happy-emotion-1-768x590.jpg 768w, https:\/\/centremedicsantantoni.com\/wp-content\/uploads\/2023\/04\/happy-emotion-1-1536x1180.jpg 1536w, https:\/\/centremedicsantantoni.com\/wp-content\/uploads\/2023\/04\/happy-emotion-1-2048x1573.jpg 2048w, https:\/\/centremedicsantantoni.com\/wp-content\/uploads\/2023\/04\/happy-emotion-1-640x492.jpg 640w, https:\/\/centremedicsantantoni.com\/wp-content\/uploads\/2023\/04\/happy-emotion-1-400x307.jpg 400w\" sizes=\"auto, (max-width: 2560px) 100vw, 2560px\"><div class=\"porto-ibanner-desc no-padding d-flex\"><div class=\"container\"><div class=\"porto-ibanner-container\"><div class=\"porto-ibanner-layer wpb_custom_2c5109c031829f9c54153ed0e6239ff6 banner-pos-aaa33b7602e3fc820e4423f41710c6e4\" style=\"width:45%;\"><div class=\"porto-u-heading  wpb_custom_c2fd11c6b30dcb2ec0e274e537886cfc porto-u-ad87e2eaf3f9c495180fe0156ddf3eb0 \" data-appear-animation=\"fadeInUp\" data-appear-animation-delay=\"400\"><div class=\"porto-u-main-heading\"><h2   style=\"margin-bottom: 16px;\">Creemos en la importancia de la salud mental para el bienestar general.<\/h2><\/div><div class=\"porto-u-sub-heading\" style=\"margin-bottom:8px;\">Atenci\u00f3n psicol\u00f3gica de calidad para ni\u00f1os, adolescentes y adultos.<\/div><style>.porto-u-ad87e2eaf3f9c495180fe0156ddf3eb0.porto-u-heading{text-align:left}<\/style><\/div><style>.banner-pos-aaa33b7602e3fc820e4423f41710c6e4 {left:2%;right: unset;bottom:30%; top: unset;}<\/style><\/div><\/div><\/div><\/div><\/div><\/div>[\/vc_column_inner][\/vc_row_inner][\/vc_column][\/vc_row][\/vc_section]<\/div>[\/vc_column][\/vc_row][vc_row css=\u00bb.vc_custom_1717673767479{margin-top: -115px !important;}\u00bb conditional_render=\u00bb%5B%7B%22value_role%22%3A%22administrator%22%7D%5D\u00bb][vc_column width=\u00bb1\/3&#8243;]<div class=\"porto-sicon-box mlh_servicio  wpb_custom_f0c520f423236d81a7c876e9410986aa style_1 top-icon\"><div class=\"porto-sicon-header\" style=\"margin-bottom:0px;\"><h3 class=\"porto-sicon-title\" style=\"margin-bottom:10px;\">Psicolog\u00eda Infanto-Juvenil<\/h3><p>Realizamos diagn\u00f3stico y tratamiento de problemas o trastornos, con el objetivo de conseguir un mejor funcionamiento personal, social, familiar y escolar.<\/p><\/div> <!-- header --><\/div><!-- porto-sicon-box -->[\/vc_column][vc_column width=\u00bb1\/3&#8243;]<div class=\"porto-sicon-box mlh_servicio  wpb_custom_f0c520f423236d81a7c876e9410986aa style_1 top-icon\"><div class=\"porto-sicon-header\" style=\"margin-bottom:0px;\"><h3 class=\"porto-sicon-title\" style=\"margin-bottom:10px;\">Psicolog\u00eda Adultos<\/h3><p>Te ayudaremos a superar problemas y trastornos que se presentan en la vida adulta. Te proporcionaremos los recursos y soluciones para encontrar un equilibrio psicol\u00f3gico adecuado.<\/p><\/div> <!-- header --><\/div><!-- porto-sicon-box -->[\/vc_column][vc_column width=\u00bb1\/3&#8243;]<div class=\"porto-sicon-box mlh_servicio  wpb_custom_f0c520f423236d81a7c876e9410986aa style_1 top-icon\"><div class=\"porto-sicon-header\" style=\"margin-bottom:0px;\"><h3 class=\"porto-sicon-title\" style=\"margin-bottom:10px;\">Psicopedagog\u00eda<\/h3><p>Evaluamos, diagnosticamos y te ayudamos a superar las dificultades de aprendizaje o trastornos del desarrollo.<\/p><\/div> <!-- header --><\/div><!-- porto-sicon-box -->[\/vc_column][\/vc_row][vc_section full_width=\u00bbstretch_row\u00bb css=\u00bb.vc_custom_1718026863103{padding-top: 30px !important;padding-bottom: 0px !important;background-image: url(https:\/\/centremedicsantantoni.com\/wp-content\/uploads\/2024\/06\/09f87fc5-5a90-45f1-a989-73795fbf2045-Photoroom.png?id=493) !important;background-position: center !important;background-repeat: no-repeat !important;background-size: contain !important;}\u00bb conditional_render=\u00bb%5B%7B%22value_role%22%3A%22administrator%22%7D%5D\u00bb el_id=\u00bbempresa\u00bb el_class=\u00bbmlh_empresa\u00bb][vc_row content_placement=\u00bbmiddle\u00bb conditional_render=\u00bb%5B%7B%22value_role%22%3A%22administrator%22%7D%5D\u00bb css=\u00bb.vc_custom_1717674769183{margin-bottom: 40px !important;}\u00bb][vc_column width=\u00bb1\/2&#8243;][vc_custom_heading text=\u00bbNUESTRA EMPRESA\u00bb font_container=\u00bbtag:h2|font_size:1rem|text_align:left|color:var(&#8211;porto-secondary-color)|line_height:1.1&#8243; use_theme_fonts=\u00bbyes\u00bb css=\u00bb.vc_custom_1716912005646{margin-bottom: 10px !important;}\u00bb font_weight=\u00bb500&#8243; letter_spacing=\u00bb4px\u00bb][vc_custom_heading text=\u00bbTu <b>centro de<br \/>\npsicolog\u00eda<\/b> en Blanes\u00bb font_container=\u00bbtag:h3|font_size:2.5rem|text_align:left|color:%231c1c1c|line_height:1.1&#8243; use_theme_fonts=\u00bbyes\u00bb css=\u00bb.vc_custom_1717489783166{margin-bottom: 30px !important;}\u00bb font_weight=\u00bb400&#8243;][vc_custom_heading text=\u00bbCentro M\u00e9dico Sant Antoni est\u00e1 formado por un equipo de profesionales altamente cualificados y especializados, quienes dan una atenci\u00f3n personalizada y actualizada. Los profesionales realizan la prevenci\u00f3n, diagn\u00f3stico y tratamiento de las diferentes patolog\u00edas en sesiones individuales.\u00bb font_container=\u00bbtag:p|text_align:left\u00bb use_theme_fonts=\u00bbyes\u00bb css=\u00bb.vc_custom_1716911649079{margin-bottom: 10px !important;}\u00bb][vc_custom_heading text=\u00bbNuestros profesionales cuentan con una larga trayectoria y experiencia profesional.\u00bb font_container=\u00bbtag:p|text_align:left\u00bb use_theme_fonts=\u00bbyes\u00bb css=\u00bb.vc_custom_1717667379471{margin-bottom: 20px !important;}\u00bb][\/vc_column][vc_column width=\u00bb1\/2&#8243;][vc_row_inner el_class=\u00bboffset-lg-1 mlh_imgbox\u00bb][vc_column_inner width=\u00bb1\/2&#8243;][vc_single_image image=\u00bb444&#8243; img_size=\u00bbfull\u00bb alignment=\u00bbcenter\u00bb css=\u00bb.vc_custom_1717667215929{margin-top: 10px !important;margin-bottom: 10px !important;}\u00bb]<div class=\"stats-block stats-top   wpb_custom_f0a92645e95c0796d4602f3d0b1fe257  vc_custom_1718177288897\"><div class=\"stats-desc\"><div class=\"counter_prefix mycust\" style=\" color:var(--porto-light-color)\">+<\/div><div id=\"counter_167522383669f358c4b6999\" data-id=\"counter_167522383669f358c4b6999\" class=\"stats-number\" style=\" color:var(--porto-light-color);\" data-speed=\"2\" data-counter-value=\"15\" data-separator=\".\" data-decimal=\",\">0<\/div><div class=\"stats-text\" style=\"color:var(--porto-light-color);\">A\u00d1OS DE EXPERIENCIA<\/div><\/div><\/div>[\/vc_column_inner][vc_column_inner width=\u00bb1\/2&#8243;]<div class=\"stats-block stats-top   wpb_custom_f0a92645e95c0796d4602f3d0b1fe257  vc_custom_1718177272457\"><div class=\"stats-desc\"><div class=\"counter_prefix mycust\" style=\" color:var(--porto-light-color)\">+<\/div><div id=\"counter_43424155069f358c4b6e86\" data-id=\"counter_43424155069f358c4b6e86\" class=\"stats-number\" style=\" color:var(--porto-light-color);\" data-speed=\"2\" data-counter-value=\"300\" data-separator=\".\" data-decimal=\",\">0<\/div><div class=\"stats-text\" style=\"color:var(--porto-light-color);\">CLIENTES SATISFECHOS<\/div><\/div><\/div>[vc_single_image image=\u00bb443&#8243; img_size=\u00bbfull\u00bb alignment=\u00bbcenter\u00bb css=\u00bb.vc_custom_1717667224422{margin-top: 10px !important;margin-bottom: 10px !important;}\u00bb][\/vc_column_inner][\/vc_row_inner][\/vc_column][\/vc_row][\/vc_section][vc_section full_width=\u00bbstretch_row\u00bb top_divider_type=\u00bbwaves_opacity\u00bb top_divider_invert=\u00bbtrue\u00bb top_divider_color=\u00bbvar(&#8211;porto-light-color)\u00bb conditional_render=\u00bb%5B%7B%22value_role%22%3A%22administrator%22%7D%5D\u00bb css=\u00bb.vc_custom_1718180633608{background-color: var(&#8211;porto-primary-color) !important;}\u00bb el_class=\u00bbmlh_cta\u00bb][vc_row content_placement=\u00bbmiddle\u00bb css=\u00bb.vc_custom_1718177949000{padding-top: 40px !important;padding-bottom: 40px !important;border-radius: 1px !important;border-color: #ededed !important;}\u00bb conditional_render=\u00bb%5B%7B%22value_role%22%3A%22administrator%22%7D%5D\u00bb][vc_column width=\u00bb1\/2&#8243;][vc_custom_heading text=\u00bb972 35 83 95&#8243; font_container=\u00bbtag:h3|font_size:2rem|text_align:right|color:var(&#8211;porto-light-color)\u00bb use_theme_fonts=\u00bbyes\u00bb css=\u00bb.vc_custom_1718185556547{margin-top: 15px !important;margin-right: 20px !important;margin-bottom: 15px !important;}\u00bb font_weight=\u00bb700&#8243; letter_spacing=\u00bb0px\u00bb hover_color=\u00bbvar(&#8211;porto-secondary-color)\u00bb link=\u00bburl:tel%3A%2B34972358395|\u00bb][\/vc_column][vc_column width=\u00bb1\/2&#8243;][vc_custom_heading text=\u00bb\u00bfTienes alguna pregunta o quieres concertar una cita?<br \/>\n<b>No dudes en ponerte en contacto con nosotros.<\/b>\u00bb font_container=\u00bbtag:p|text_align:left|color:var(&#8211;porto-light-color)\u00bb use_theme_fonts=\u00bbyes\u00bb css=\u00bb.vc_custom_1718178050705{margin-top: 15px !important;margin-bottom: 15px !important;margin-left: 20px !important;}\u00bb][\/vc_column][\/vc_row][\/vc_section][vc_section full_width=\u00bbstretch_row\u00bb css=\u00bb.vc_custom_1718184582284{padding-top: 0px !important;padding-bottom: 0px !important;}\u00bb conditional_render=\u00bb%5B%7B%22value_role%22%3A%22administrator%22%7D%5D\u00bb el_id=\u00bbinstalaciones\u00bb][vc_row full_width_css=\u00bbstretch_row_css\u00bb no_padding=\u00bbyes\u00bb conditional_render=\u00bb%5B%7B%22value_role%22%3A%22administrator%22%7D%5D\u00bb][vc_column parallax=\u00bbcontent-moving\u00bb parallax_image=\u00bb445&#8243; conditional_render=\u00bb%5B%7B%22value_role%22%3A%22administrator%22%7D%5D\u00bb css=\u00bb.vc_custom_1717667816700{padding-top: 12.15rem !important;padding-bottom: 12.15rem !important;}\u00bb offset=\u00bbvc_col-md-6&#8243;][\/vc_column][vc_column is_half=\u00bbyes\u00bb conditional_render=\u00bb%5B%7B%22value_role%22%3A%22administrator%22%7D%5D\u00bb css=\u00bb.vc_custom_1718026982124{padding-top: 4rem !important;padding-bottom: 3rem !important;background-color: #f2f4f1 !important;}\u00bb offset=\u00bbvc_col-md-6&#8243;][vc_custom_heading text=\u00bbLAS INSTALACIONES\u00bb font_container=\u00bbtag:h2|font_size:1rem|text_align:left|color:var(&#8211;porto-secondary-color)|line_height:1.1&#8243; use_theme_fonts=\u00bbyes\u00bb css=\u00bb.vc_custom_1717673392022{margin-bottom: 10px !important;}\u00bb font_weight=\u00bb500&#8243; letter_spacing=\u00bb4px\u00bb el_class=\u00bboffset-lg-1&#8243;][vc_custom_heading text=\u00bbCalidad <b>asistencial y tecnol\u00f3gica. <\/b>\u00bb font_container=\u00bbtag:h3|font_size:2.5rem|text_align:left|line_height:1.1&#8243; use_theme_fonts=\u00bbyes\u00bb css=\u00bb.vc_custom_1717673400014{margin-bottom: 30px !important;}\u00bb font_weight=\u00bb400&#8243; el_class=\u00bboffset-lg-1&#8243;][vc_custom_heading text=\u00bbEl centro goza de unas instalaciones amplias, confortables y espec\u00edficamente preparadas para ofrecer la mayor calidad asistencial y tecnol\u00f3gica.\u00bb font_container=\u00bbtag:p|text_align:left\u00bb use_theme_fonts=\u00bbyes\u00bb css=\u00bb.vc_custom_1717673407919{margin-bottom: 20px !important;}\u00bb el_class=\u00bboffset-lg-1&#8243;][vc_row_inner disable_element=\u00bbyes\u00bb el_class=\u00bboffset-lg-1&#8243; css=\u00bb.vc_custom_1720002811994{margin-bottom: 25px !important;}\u00bb][vc_column_inner width=\u00bb1\/2&#8243;]<style>.porto-info-listee954ac6b11a075571c468f8705c65cf i { color: var(--porto-quaternary-color); }<\/style><ul class=\"porto-info-list  porto-info-listee954ac6b11a075571c468f8705c65cf wpb_custom_eaac9f0d9e768ba32acc7151e5a1c78f\"><li class=\"porto-info-list-item  wpb_custom_eade0171093a7591372ccf9372738e3d\"><i class=\"porto-info-icon porto-icon-circle-empty\"><\/i><div class=\"porto-info-list-item-desc\">Sala 1: xxxxxxxx<\/div><\/li><li class=\"porto-info-list-item  wpb_custom_eade0171093a7591372ccf9372738e3d\"><i class=\"porto-info-icon porto-icon-circle-empty\"><\/i><div class=\"porto-info-list-item-desc\">Sala 2: xxxxxxxx<\/div><\/li><\/ul>[\/vc_column_inner][vc_column_inner width=\u00bb1\/2&#8243;]<style>.porto-info-listee954ac6b11a075571c468f8705c65cf i { color: var(--porto-quaternary-color); }<\/style><ul class=\"porto-info-list  porto-info-listee954ac6b11a075571c468f8705c65cf wpb_custom_eaac9f0d9e768ba32acc7151e5a1c78f\"><li class=\"porto-info-list-item  wpb_custom_eade0171093a7591372ccf9372738e3d\"><i class=\"porto-info-icon porto-icon-circle-empty\"><\/i><div class=\"porto-info-list-item-desc\">Sala 3: xxxxxxxx<\/div><\/li><li class=\"porto-info-list-item  wpb_custom_eade0171093a7591372ccf9372738e3d\"><i class=\"porto-info-icon porto-icon-circle-empty\"><\/i><div class=\"porto-info-list-item-desc\">Sala 4: xxxxxxxx<\/div><\/li><\/ul>[\/vc_column_inner][\/vc_row_inner]<div class=\"porto-gallery has-ccols ccols-1 has-ccols-spacing ccols-sm-2 ccols-md-3 wpb_custom_9dfd7f9072011a1dbc99d0ce8bfad711 porto-carousel owl-carousel dots-style-1 align-items-center lightbox porto-ig-zoom offset-lg-1 mb-0\" data-plugin-options=\"{&quot;autoplay&quot;:true,&quot;autoplayHoverPause&quot;:true,&quot;autoplayTimeout&quot;:6500,&quot;items&quot;:3,&quot;xl&quot;:3,&quot;lg&quot;:3,&quot;md&quot;:3,&quot;sm&quot;:2,&quot;xs&quot;:1,&quot;nav&quot;:&quot;&quot;,&quot;dots&quot;:&quot;yes&quot;,&quot;margin&quot;:10}\" data-lightbox-options=\"{&quot;delegate&quot;:&quot;a&quot;,&quot;mainClass&quot;:&quot;mfp-with-zoom&quot;,&quot;zoom&quot;:{&quot;enabled&quot;:true,&quot;duration&quot;:300},&quot;gallery&quot;:{&quot;enabled&quot;:true},&quot;type&quot;:&quot;image&quot;}\"><a href=\"https:\/\/centremedicsantantoni.com\/wp-content\/uploads\/2024\/06\/fotos-local-web-206-scaled.jpg\"><figure><img loading=\"lazy\" decoding=\"async\" width=\"463\" height=\"348\" src=\"https:\/\/centremedicsantantoni.com\/wp-content\/uploads\/2024\/06\/fotos-local-web-206-463x348.jpg\" class=\"attachment-blog-medium size-blog-medium\" alt=\"Centre Medic Sant Antoni\" srcset=\"https:\/\/centremedicsantantoni.com\/wp-content\/uploads\/2024\/06\/fotos-local-web-206-463x348.jpg 463w, https:\/\/centremedicsantantoni.com\/wp-content\/uploads\/2024\/06\/fotos-local-web-206-400x300.jpg 400w\" sizes=\"auto, (max-width: 463px) 100vw, 463px\" \/><\/figure><\/a><a href=\"https:\/\/centremedicsantantoni.com\/wp-content\/uploads\/2024\/06\/fotos-local-web-069-scaled.jpg\"><figure><img loading=\"lazy\" decoding=\"async\" width=\"463\" height=\"348\" src=\"https:\/\/centremedicsantantoni.com\/wp-content\/uploads\/2024\/06\/fotos-local-web-069-463x348.jpg\" class=\"attachment-blog-medium size-blog-medium\" alt=\"Centre Medic Sant Antoni Sala Espera\" srcset=\"https:\/\/centremedicsantantoni.com\/wp-content\/uploads\/2024\/06\/fotos-local-web-069-463x348.jpg 463w, https:\/\/centremedicsantantoni.com\/wp-content\/uploads\/2024\/06\/fotos-local-web-069-400x300.jpg 400w\" sizes=\"auto, (max-width: 463px) 100vw, 463px\" \/><\/figure><\/a><a href=\"https:\/\/centremedicsantantoni.com\/wp-content\/uploads\/2024\/06\/fotos-local-web-161-scaled.jpg\"><figure><img loading=\"lazy\" decoding=\"async\" width=\"463\" height=\"348\" src=\"https:\/\/centremedicsantantoni.com\/wp-content\/uploads\/2024\/06\/fotos-local-web-161-463x348.jpg\" class=\"attachment-blog-medium size-blog-medium\" alt=\"Centre Medic Sant Antoni Instalacions\" srcset=\"https:\/\/centremedicsantantoni.com\/wp-content\/uploads\/2024\/06\/fotos-local-web-161-463x348.jpg 463w, https:\/\/centremedicsantantoni.com\/wp-content\/uploads\/2024\/06\/fotos-local-web-161-400x300.jpg 400w\" sizes=\"auto, (max-width: 463px) 100vw, 463px\" \/><\/figure><\/a><a href=\"https:\/\/centremedicsantantoni.com\/wp-content\/uploads\/2024\/06\/fotos-local-web-130-scaled.jpg\"><figure><img loading=\"lazy\" decoding=\"async\" width=\"463\" height=\"348\" src=\"https:\/\/centremedicsantantoni.com\/wp-content\/uploads\/2024\/06\/fotos-local-web-130-463x348.jpg\" class=\"attachment-blog-medium size-blog-medium\" alt=\"Centre Medic Sant Antoni Consulta\" srcset=\"https:\/\/centremedicsantantoni.com\/wp-content\/uploads\/2024\/06\/fotos-local-web-130-463x348.jpg 463w, https:\/\/centremedicsantantoni.com\/wp-content\/uploads\/2024\/06\/fotos-local-web-130-400x300.jpg 400w\" sizes=\"auto, (max-width: 463px) 100vw, 463px\" \/><\/figure><\/a><a href=\"https:\/\/centremedicsantantoni.com\/wp-content\/uploads\/2024\/06\/fotos-local-web-149-scaled.jpg\"><figure><img loading=\"lazy\" decoding=\"async\" width=\"463\" height=\"348\" src=\"https:\/\/centremedicsantantoni.com\/wp-content\/uploads\/2024\/06\/fotos-local-web-149-463x348.jpg\" class=\"attachment-blog-medium size-blog-medium\" alt=\"Centre Medic Sant Antoni Instalacions\" srcset=\"https:\/\/centremedicsantantoni.com\/wp-content\/uploads\/2024\/06\/fotos-local-web-149-463x348.jpg 463w, https:\/\/centremedicsantantoni.com\/wp-content\/uploads\/2024\/06\/fotos-local-web-149-400x300.jpg 400w\" sizes=\"auto, (max-width: 463px) 100vw, 463px\" \/><\/figure><\/a><a href=\"https:\/\/centremedicsantantoni.com\/wp-content\/uploads\/2024\/06\/fotos-local-web-174-scaled.jpg\"><figure><img loading=\"lazy\" decoding=\"async\" width=\"463\" height=\"348\" src=\"https:\/\/centremedicsantantoni.com\/wp-content\/uploads\/2024\/06\/fotos-local-web-174-463x348.jpg\" class=\"attachment-blog-medium size-blog-medium\" alt=\"Centre Medic Sant Antoni Consulta\" srcset=\"https:\/\/centremedicsantantoni.com\/wp-content\/uploads\/2024\/06\/fotos-local-web-174-463x348.jpg 463w, https:\/\/centremedicsantantoni.com\/wp-content\/uploads\/2024\/06\/fotos-local-web-174-400x300.jpg 400w\" sizes=\"auto, (max-width: 463px) 100vw, 463px\" \/><\/figure><\/a><a href=\"https:\/\/centremedicsantantoni.com\/wp-content\/uploads\/2024\/06\/fotos-local-web-152-scaled.jpg\"><figure><img loading=\"lazy\" decoding=\"async\" width=\"463\" height=\"348\" src=\"https:\/\/centremedicsantantoni.com\/wp-content\/uploads\/2024\/06\/fotos-local-web-152-463x348.jpg\" class=\"attachment-blog-medium size-blog-medium\" alt=\"Centre Medic Sant Antoni Instalacions\" srcset=\"https:\/\/centremedicsantantoni.com\/wp-content\/uploads\/2024\/06\/fotos-local-web-152-463x348.jpg 463w, https:\/\/centremedicsantantoni.com\/wp-content\/uploads\/2024\/06\/fotos-local-web-152-400x300.jpg 400w\" sizes=\"auto, (max-width: 463px) 100vw, 463px\" \/><\/figure><\/a><\/div>[\/vc_column][\/vc_row][\/vc_section][vc_section full_width=\u00bbstretch_row\u00bb css=\u00bb.vc_custom_1718019027145{padding-top: 50px !important;padding-bottom: 50px !important;}\u00bb conditional_render=\u00bb%5B%7B%22value_role%22%3A%22administrator%22%7D%5D\u00bb el_id=\u00bbservicios\u00bb][vc_row conditional_render=\u00bb%5B%7B%22value_role%22%3A%22administrator%22%7D%5D\u00bb css=\u00bb.vc_custom_1718016162970{margin-bottom: 40px !important;}\u00bb][vc_column width=\u00bb1\/6&#8243;][\/vc_column][vc_column width=\u00bb2\/3&#8243;][vc_custom_heading text=\u00bbSERVICIOS\u00bb font_container=\u00bbtag:h2|font_size:1rem|text_align:center|color:var(&#8211;porto-secondary-color)|line_height:1.1&#8243; use_theme_fonts=\u00bbyes\u00bb css=\u00bb.vc_custom_1717674978466{margin-bottom: 10px !important;}\u00bb font_weight=\u00bb500&#8243; letter_spacing=\u00bb4px\u00bb][vc_custom_heading text=\u00bbAtenci\u00f3n psicol\u00f3gica <b>de calidad <\/b>\u00bb font_container=\u00bbtag:h3|font_size:2.5rem|text_align:center|color:%231c1c1c|line_height:1.1&#8243; use_theme_fonts=\u00bbyes\u00bb css=\u00bb.vc_custom_1717675044689{margin-bottom: 30px !important;}\u00bb font_weight=\u00bb400&#8243; el_class=\u00bbmlh_subtitle\u00bb][\/vc_column][vc_column width=\u00bb1\/6&#8243;][\/vc_column][\/vc_row][vc_row content_placement=\u00bbmiddle\u00bb conditional_render=\u00bb%5B%7B%22value_role%22%3A%22administrator%22%7D%5D\u00bb][vc_column width=\u00bb1\/3&#8243;][vc_single_image image=\u00bb318&#8243; img_size=\u00bbfull\u00bb alignment=\u00bbcenter\u00bb css=\u00bb.vc_custom_1717681433059{margin-top: 15px !important;margin-bottom: 15px !important;}\u00bb el_class=\u00bbshadow\u00bb][vc_custom_heading text=\u00bbTerapia presencial y online.\u00bb font_container=\u00bbtag:p|text_align:center\u00bb use_theme_fonts=\u00bbyes\u00bb css=\u00bb.vc_custom_1718016221489{margin-bottom: 10px !important;}\u00bb][\/vc_column][vc_column width=\u00bb2\/3&#8243; css=\u00bb.vc_custom_1718180306346{padding-top: 20px !important;padding-right: 15px !important;padding-bottom: 20px !important;padding-left: 15px !important;}\u00bb conditional_render=\u00bb%5B%7B%22value_role%22%3A%22administrator%22%7D%5D\u00bb][vc_row_inner el_class=\u00bboffset-lg-1&#8243; css=\u00bb.vc_custom_1718027852274{padding-top: 20px !important;padding-right: 15px !important;padding-bottom: 20px !important;padding-left: 15px !important;background-color: #f2f4f1 !important;}\u00bb][vc_column_inner][vc_custom_heading text=\u00bbPsicolog\u00eda <b>Infanto &#8211; Juvenil <\/b>\u00bb font_container=\u00bbtag:h4|font_size:1.8rem|text_align:left|color:var(&#8211;porto-secondary-color)|line_height:1.1&#8243; use_theme_fonts=\u00bbyes\u00bb css=\u00bb.vc_custom_1718025882407{margin-bottom: 12px !important;}\u00bb font_weight=\u00bb400&#8243;][vc_custom_heading text=\u00bbPrevenci\u00f3n, evaluaci\u00f3n, diagn\u00f3stico, intervenci\u00f3n terap\u00e9utica individual y con las familias y asesoramiento a profesores. Modelo integrador con base cognitivo-conductual.\u00bb font_container=\u00bbtag:p|text_align:left\u00bb use_theme_fonts=\u00bbyes\u00bb css=\u00bb.vc_custom_1718025889311{margin-bottom: 30px !important;}\u00bb][\/vc_column_inner][vc_column_inner width=\u00bb1\/2&#8243;]<style>.porto-info-list4f8a57f2460ecfb1943876e51875c6a1 i { color: var(--porto-secondary-color); }<\/style><ul class=\"porto-info-list  porto-info-list4f8a57f2460ecfb1943876e51875c6a1 wpb_custom_f4d9da0b718aae008d4740a8cbff2083\"><li class=\"porto-info-list-item  wpb_custom_eade0171093a7591372ccf9372738e3d\"><i class=\"porto-info-icon porto-icon-circle-empty\"><\/i><div class=\"porto-info-list-item-desc\">TDAH<\/div><\/li><li class=\"porto-info-list-item  wpb_custom_eade0171093a7591372ccf9372738e3d\"><i class=\"porto-info-icon porto-icon-circle-empty\"><\/i><div class=\"porto-info-list-item-desc\">Trastorno negativista-desafiante<\/div><\/li><li class=\"porto-info-list-item  wpb_custom_eade0171093a7591372ccf9372738e3d\"><i class=\"porto-info-icon porto-icon-circle-empty\"><\/i><div class=\"porto-info-list-item-desc\">Trastorno de conducta<\/div><\/li><li class=\"porto-info-list-item  wpb_custom_eade0171093a7591372ccf9372738e3d\"><i class=\"porto-info-icon porto-icon-circle-empty\"><\/i><div class=\"porto-info-list-item-desc\">Trastornos de aprendizaje: dislexia, discalculia, etc<\/div><\/li><li class=\"porto-info-list-item  wpb_custom_eade0171093a7591372ccf9372738e3d\"><i class=\"porto-info-icon porto-icon-circle-empty\"><\/i><div class=\"porto-info-list-item-desc\">Trastorno de ansiedad<\/div><\/li><li class=\"porto-info-list-item  wpb_custom_eade0171093a7591372ccf9372738e3d\"><i class=\"porto-info-icon porto-icon-circle-empty\"><\/i><div class=\"porto-info-list-item-desc\">Trastornos obsesivos<\/div><\/li><\/ul>[\/vc_column_inner][vc_column_inner width=\u00bb1\/2&#8243;]<style>.porto-info-list4f8a57f2460ecfb1943876e51875c6a1 i { color: var(--porto-secondary-color); }<\/style><ul class=\"porto-info-list  porto-info-list4f8a57f2460ecfb1943876e51875c6a1 wpb_custom_f4d9da0b718aae008d4740a8cbff2083\"><li class=\"porto-info-list-item  wpb_custom_eade0171093a7591372ccf9372738e3d\"><i class=\"porto-info-icon porto-icon-circle-empty\"><\/i><div class=\"porto-info-list-item-desc\">Problemas de autoestima e inseguridad<\/div><\/li><li class=\"porto-info-list-item  wpb_custom_eade0171093a7591372ccf9372738e3d\"><i class=\"porto-info-icon porto-icon-circle-empty\"><\/i><div class=\"porto-info-list-item-desc\">Trastornos del estado de \u00e1nimo<\/div><\/li><li class=\"porto-info-list-item  wpb_custom_eade0171093a7591372ccf9372738e3d\"><i class=\"porto-info-icon porto-icon-circle-empty\"><\/i><div class=\"porto-info-list-item-desc\">Trastornos psicosom\u00e1ticos<\/div><\/li><li class=\"porto-info-list-item  wpb_custom_eade0171093a7591372ccf9372738e3d\"><i class=\"porto-info-icon porto-icon-circle-empty\"><\/i><div class=\"porto-info-list-item-desc\">Trastornos de alimentaci\u00f3n<\/div><\/li><li class=\"porto-info-list-item  wpb_custom_eade0171093a7591372ccf9372738e3d\"><i class=\"porto-info-icon porto-icon-circle-empty\"><\/i><div class=\"porto-info-list-item-desc\">Trastornos del sue\u00f1o<\/div><\/li><li class=\"porto-info-list-item  wpb_custom_eade0171093a7591372ccf9372738e3d\"><i class=\"porto-info-icon porto-icon-circle-empty\"><\/i><div class=\"porto-info-list-item-desc\">Miedos y fobias<\/div><\/li><\/ul>[\/vc_column_inner][\/vc_row_inner][\/vc_column][\/vc_row][vc_row content_placement=\u00bbmiddle\u00bb conditional_render=\u00bb%5B%7B%22value_role%22%3A%22administrator%22%7D%5D\u00bb css=\u00bb.vc_custom_1718016259225{padding-top: 70px !important;padding-bottom: 70px !important;}\u00bb][vc_column width=\u00bb2\/3&#8243; el_class=\u00bbmlh_ord2&#8243; conditional_render=\u00bb%5B%7B%22value_role%22%3A%22administrator%22%7D%5D\u00bb][vc_row_inner css=\u00bb.vc_custom_1718027862672{padding-top: 20px !important;padding-right: 15px !important;padding-bottom: 20px !important;padding-left: 15px !important;background-color: #f2f4f1 !important;}\u00bb][vc_column_inner][vc_custom_heading text=\u00bbPsicolog\u00eda <b>Adultos <\/b>\u00bb font_container=\u00bbtag:h4|font_size:1.8rem|text_align:left|color:var(&#8211;porto-primary-color)|line_height:1.1&#8243; use_theme_fonts=\u00bbyes\u00bb css=\u00bb.vc_custom_1718025940176{margin-bottom: 12px !important;}\u00bb font_weight=\u00bb400&#8243;][vc_custom_heading text=\u00bbTe ayudaremos a superar:\u00bb font_container=\u00bbtag:p|text_align:left\u00bb use_theme_fonts=\u00bbyes\u00bb css=\u00bb.vc_custom_1717671812125{margin-bottom: 30px !important;}\u00bb][\/vc_column_inner][vc_column_inner width=\u00bb1\/2&#8243;]<style>.porto-info-list3d19d54f12685530f5dd52ea8fcbcf5b i { color: var(--porto-primary-color); }<\/style><ul class=\"porto-info-list  porto-info-list3d19d54f12685530f5dd52ea8fcbcf5b wpb_custom_64406f692438d4a57291250b1f3cf43a\"><li class=\"porto-info-list-item  wpb_custom_eade0171093a7591372ccf9372738e3d\"><i class=\"porto-info-icon porto-icon-circle-empty\"><\/i><div class=\"porto-info-list-item-desc\">Estr\u00e9s<\/div><\/li><li class=\"porto-info-list-item  wpb_custom_eade0171093a7591372ccf9372738e3d\"><i class=\"porto-info-icon porto-icon-circle-empty\"><\/i><div class=\"porto-info-list-item-desc\">Ansiedad<\/div><\/li><li class=\"porto-info-list-item  wpb_custom_eade0171093a7591372ccf9372738e3d\"><i class=\"porto-info-icon porto-icon-circle-empty\"><\/i><div class=\"porto-info-list-item-desc\">Preocupaciones excesivas<\/div><\/li><li class=\"porto-info-list-item  wpb_custom_eade0171093a7591372ccf9372738e3d\"><i class=\"porto-info-icon porto-icon-circle-empty\"><\/i><div class=\"porto-info-list-item-desc\">Baja autoestima, inseguridades&#8230;<\/div><\/li><li class=\"porto-info-list-item  wpb_custom_eade0171093a7591372ccf9372738e3d\"><i class=\"porto-info-icon porto-icon-circle-empty\"><\/i><div class=\"porto-info-list-item-desc\">Trastornos del estado de \u00e1nimo (tristeza, depresi\u00f3n)<\/div><\/li><\/ul>[\/vc_column_inner][vc_column_inner width=\u00bb1\/2&#8243;]<style>.porto-info-list3d19d54f12685530f5dd52ea8fcbcf5b i { color: var(--porto-primary-color); }<\/style><ul class=\"porto-info-list  porto-info-list3d19d54f12685530f5dd52ea8fcbcf5b wpb_custom_64406f692438d4a57291250b1f3cf43a\"><li class=\"porto-info-list-item  wpb_custom_eade0171093a7591372ccf9372738e3d\"><i class=\"porto-info-icon porto-icon-circle-empty\"><\/i><div class=\"porto-info-list-item-desc\">Trastornos del sue\u00f1o<\/div><\/li><li class=\"porto-info-list-item  wpb_custom_eade0171093a7591372ccf9372738e3d\"><i class=\"porto-info-icon porto-icon-circle-empty\"><\/i><div class=\"porto-info-list-item-desc\">Obsesiones<\/div><\/li><li class=\"porto-info-list-item  wpb_custom_eade0171093a7591372ccf9372738e3d\"><i class=\"porto-info-icon porto-icon-circle-empty\"><\/i><div class=\"porto-info-list-item-desc\">Problemas de pareja, de familia,&#8230;<\/div><\/li><li class=\"porto-info-list-item  wpb_custom_eade0171093a7591372ccf9372738e3d\"><i class=\"porto-info-icon porto-icon-circle-empty\"><\/i><div class=\"porto-info-list-item-desc\">Mejora de las habilidades sociales<\/div><\/li><li class=\"porto-info-list-item  wpb_custom_eade0171093a7591372ccf9372738e3d\"><i class=\"porto-info-icon porto-icon-circle-empty\"><\/i><div class=\"porto-info-list-item-desc\">Duelo<\/div><\/li><\/ul>[\/vc_column_inner][\/vc_row_inner][\/vc_column][vc_column width=\u00bb1\/3&#8243; el_class=\u00bbmlh_ord1&#8243; conditional_render=\u00bb%5B%7B%22value_role%22%3A%22administrator%22%7D%5D\u00bb][vc_single_image image=\u00bb317&#8243; img_size=\u00bbfull\u00bb alignment=\u00bbcenter\u00bb css=\u00bb.vc_custom_1718026403797{margin-top: 15px !important;margin-bottom: 15px !important;}\u00bb el_class=\u00bboffset-lg-1 shadow\u00bb][vc_custom_heading text=\u00bbTerapia presencial y online.\u00bb font_container=\u00bbtag:p|text_align:center\u00bb use_theme_fonts=\u00bbyes\u00bb css=\u00bb.vc_custom_1718016221489{margin-bottom: 10px !important;}\u00bb][\/vc_column][\/vc_row][vc_row content_placement=\u00bbmiddle\u00bb conditional_render=\u00bb%5B%7B%22value_role%22%3A%22administrator%22%7D%5D\u00bb][vc_column width=\u00bb1\/3&#8243;][vc_single_image image=\u00bb316&#8243; img_size=\u00bbfull\u00bb alignment=\u00bbcenter\u00bb css=\u00bb.vc_custom_1717681417731{margin-top: 15px !important;margin-bottom: 15px !important;}\u00bb el_class=\u00bbshadow\u00bb][vc_custom_heading text=\u00bbTerapia presencial.\u00bb font_container=\u00bbtag:p|text_align:center\u00bb use_theme_fonts=\u00bbyes\u00bb css=\u00bb.vc_custom_1718028225147{margin-bottom: 10px !important;}\u00bb][\/vc_column][vc_column width=\u00bb2\/3&#8243;][vc_row_inner el_class=\u00bboffset-lg-1&#8243; css=\u00bb.vc_custom_1718027876721{padding-top: 20px !important;padding-right: 15px !important;padding-bottom: 20px !important;padding-left: 15px !important;background-color: #f2f4f1 !important;}\u00bb][vc_column_inner][vc_custom_heading text=\u00bb<b>Psicopedagog\u00eda<\/b>\u00bb font_container=\u00bbtag:h4|font_size:1.8rem|text_align:left|color:var(&#8211;porto-secondary-color)|line_height:1.1&#8243; use_theme_fonts=\u00bbyes\u00bb css=\u00bb.vc_custom_1718026003109{margin-bottom: 12px !important;}\u00bb font_weight=\u00bb400&#8243;][vc_custom_heading text=\u00bbPrevenci\u00f3n, detecci\u00f3n e intervenci\u00f3n en problemas de aprendizaje.<br \/>\nAsesoramiento a padres y profesores\u00bb font_container=\u00bbtag:p|text_align:left\u00bb use_theme_fonts=\u00bbyes\u00bb css=\u00bb.vc_custom_1718026011069{margin-bottom: 30px !important;}\u00bb]<style>.porto-info-list4f8a57f2460ecfb1943876e51875c6a1 i { color: var(--porto-secondary-color); }<\/style><ul class=\"porto-info-list  porto-info-list4f8a57f2460ecfb1943876e51875c6a1 wpb_custom_f4d9da0b718aae008d4740a8cbff2083\"><li class=\"porto-info-list-item  wpb_custom_eade0171093a7591372ccf9372738e3d\"><i class=\"porto-info-icon porto-icon-circle-empty\"><\/i><div class=\"porto-info-list-item-desc\">Reeducaciones psicopedag\u00f3gicas (dislexia, discalculia,&#8230;)<\/div><\/li><li class=\"porto-info-list-item  wpb_custom_eade0171093a7591372ccf9372738e3d\"><i class=\"porto-info-icon porto-icon-circle-empty\"><\/i><div class=\"porto-info-list-item-desc\">Mejora de las t\u00e9cnicas y h\u00e1bitos de estudio.<\/div><\/li><\/ul>[\/vc_column_inner][\/vc_row_inner][\/vc_column][\/vc_row][\/vc_section][vc_section full_width=\u00bbstretch_row\u00bb css=\u00bb.vc_custom_1718178303702{padding-top: 50px !important;padding-bottom: 30px !important;background-color: #f2f4f1 !important;}\u00bb conditional_render=\u00bb%5B%7B%22value_role%22%3A%22administrator%22%7D%5D\u00bb el_id=\u00bbcuadro-medico\u00bb][vc_row content_placement=\u00bbmiddle\u00bb conditional_render=\u00bb%5B%7B%22value_role%22%3A%22administrator%22%7D%5D\u00bb][vc_column width=\u00bb1\/2&#8243;][vc_custom_heading text=\u00bbEQUIPO DE PROFESIONALES\u00bb font_container=\u00bbtag:h2|font_size:1rem|text_align:center|color:var(&#8211;porto-secondary-color)|line_height:1.1&#8243; use_theme_fonts=\u00bbyes\u00bb css=\u00bb.vc_custom_1717675005353{margin-bottom: 10px !important;}\u00bb font_weight=\u00bb500&#8243; letter_spacing=\u00bb4px\u00bb][vc_custom_heading text=\u00bb<b>Cuadro m\u00e9dico <\/b> del centro\u00bb font_container=\u00bbtag:h2|font_size:2.5rem|text_align:center|color:%231c1c1c|line_height:1.1&#8243; use_theme_fonts=\u00bbyes\u00bb css=\u00bb.vc_custom_1717675062039{margin-bottom: 30px !important;}\u00bb font_weight=\u00bb400&#8243; el_class=\u00bbmlh_subtitle\u00bb][vc_custom_heading text=\u00bbNuestro equipo de psic\u00f3logos est\u00e1 formado por profesionales altamente cualificados y con experiencia en una amplia gama de \u00e1reas de psicolog\u00eda. Estamos comprometidos en ofrecerte la mejor atenci\u00f3n individualizada y el mejor cuidado posible.\u00bb font_container=\u00bbtag:p|text_align:center\u00bb use_theme_fonts=\u00bbyes\u00bb css=\u00bb.vc_custom_1716995555602{margin-bottom: 10px !important;}\u00bb][\/vc_column][vc_column width=\u00bb1\/2&#8243;][vc_row_inner el_class=\u00bboffset-lg-1&#8243;][vc_column_inner width=\u00bb1\/2&#8243;][vc_single_image image=\u00bb462&#8243; img_size=\u00bbfull\u00bb alignment=\u00bbcenter\u00bb css=\u00bb\u00bb]<div class=\"porto-sicon-box mlh_cuadromedico  wpb_custom_59eaec1dcae075d97f1cd55a020529ae style_1 top-icon\"><div class=\"porto-sicon-header\"><h3 class=\"porto-sicon-title\" style=\"\">Mar\u00eda Jes\u00fas Garc\u00eda Iglesias<\/h3><p style=\"color:#767575;\">Psic\u00f3loga Infanto-Juvenil \/ Psicopedagoga<\/p><\/div> <!-- header --><\/div><!-- porto-sicon-box -->[\/vc_column_inner][vc_column_inner width=\u00bb1\/2&#8243;][vc_single_image image=\u00bb325&#8243; img_size=\u00bbfull\u00bb alignment=\u00bbcenter\u00bb css=\u00bb\u00bb]<div class=\"porto-sicon-box mlh_cuadromedico  wpb_custom_59eaec1dcae075d97f1cd55a020529ae style_1 top-icon\"><div class=\"porto-sicon-header\"><h3 class=\"porto-sicon-title\" style=\"\">M\u00f2nica Caparr\u00f3s Grimao<\/h3><p style=\"color:#767575;\">Psic\u00f3loga Infanto-Juvenil y de adultos<\/p><\/div> <!-- header --><\/div><!-- porto-sicon-box -->[\/vc_column_inner][\/vc_row_inner][\/vc_column][\/vc_row][\/vc_section][vc_section full_width=\u00bbstretch_row\u00bb bottom_divider_type=\u00bbwaves_opacity\u00bb css=\u00bb.vc_custom_1717493882820{padding-top: 90px !important;padding-bottom: 90px !important;background: var(&#8211;porto-primary-color) url(https:\/\/centremedicsantantoni.com\/wp-content\/uploads\/2023\/04\/pexels-shvets-production-7176026-scaled.jpg?id=378) !important;background-position: center !important;background-repeat: no-repeat !important;background-size: cover !important;}\u00bb conditional_render=\u00bb%5B%7B%22value_role%22%3A%22administrator%22%7D%5D\u00bb el_id=\u00bbcta\u00bb el_class=\u00bbmlh_cta\u00bb bottom_divider_color=\u00bbvar(&#8211;porto-light-color)\u00bb bottom_divider_height=\u00bb100px\u00bb][vc_row content_placement=\u00bbmiddle\u00bb conditional_render=\u00bb%5B%7B%22value_role%22%3A%22administrator%22%7D%5D\u00bb][vc_column width=\u00bb3\/4&#8243;][vc_custom_heading text=\u00bbEvaluamos, diagnosticamos y<br \/>\ncreamos planes individualizados.\u00bb font_container=\u00bbtag:h3|font_size:3rem|text_align:left|color:var(&#8211;porto-light-color)|line_height:1.1&#8243; use_theme_fonts=\u00bbyes\u00bb css=\u00bb.vc_custom_1717660595052{margin-bottom: 15px !important;}\u00bb font_weight=\u00bb400&#8243; el_class=\u00bboffset-lg-1&#8243;][vc_custom_heading text=\u00bbContacta con nosotros para m\u00e1s informaci\u00f3n o<br \/>\npara concertar una cita.\u00bb font_container=\u00bbtag:p|font_size:1.4rem|text_align:left|color:var(&#8211;porto-light-color)|line_height:1.1&#8243; use_theme_fonts=\u00bbyes\u00bb css=\u00bb.vc_custom_1717660610520{margin-bottom: 30px !important;}\u00bb el_class=\u00bboffset-lg-1&#8243;][\/vc_column][vc_column width=\u00bb1\/4&#8243;][vc_btn title=\u00bbPide cita\u00bb align=\u00bbcenter\u00bb i_align=\u00bbright\u00bb i_icon_fontawesome=\u00bbfas fa-angle-right\u00bb css=\u00bb\u00bb hover_effect=\u00bbhover-icon-right\u00bb add_icon=\u00bbtrue\u00bb link=\u00bburl:https%3A%2F%2Fcentremedicsantantoni.com%2F%23contacte|\u00bb el_class=\u00bbmlh_btn\u00bb][\/vc_column][\/vc_row][\/vc_section][vc_section full_width=\u00bbstretch_row\u00bb css=\u00bb.vc_custom_1716904795955{padding-top: 50px !important;padding-bottom: 50px !important;}\u00bb conditional_render=\u00bb%5B%7B%22value_role%22%3A%22administrator%22%7D%5D\u00bb el_id=\u00bbcontacto\u00bb][vc_row][vc_column width=\u00bb1\/2&#8243;][vc_custom_heading text=\u00bbD\u00d3NDE ENCONTRARNOS\u00bb font_container=\u00bbtag:h2|font_size:1rem|text_align:left|color:var(&#8211;porto-secondary-color)|line_height:1.1&#8243; use_theme_fonts=\u00bbyes\u00bb css=\u00bb.vc_custom_1717423156924{margin-bottom: 10px !important;}\u00bb font_weight=\u00bb500&#8243; letter_spacing=\u00bb4px\u00bb][vc_custom_heading text=\u00bb\u00a1Cont\u00e1ctanos hoy mismo!\u00bb font_container=\u00bbtag:h3|font_size:2.5rem|text_align:left|color:%231c1c1c|line_height:1.1&#8243; use_theme_fonts=\u00bbyes\u00bb css=\u00bb.vc_custom_1717674841582{margin-bottom: 30px !important;}\u00bb font_weight=\u00bb400&#8243;]<a aria-label=\"ESCRIBENOS\" class=\"porto-sicon-box-link\" href=\"mailto:info@centremedicsantantoni.com\"><div class=\"porto-sicon-box  wpb_custom_cfb1f51d0018f31f3e6bbf164754bf4b style_1 default-icon\"><div class=\"porto-sicon-default\"><div class=\"porto-just-icon-wrapper porto-sicon-img  porto-icon-9f5d1cfb45d27d96b50bf473aebba227\" style=\"font-size: 60px;\"><img loading=\"lazy\" decoding=\"async\" class=\"img-icon\" alt=\"Centre Medic Sant Antoni\" src=\"https:\/\/centremedicsantantoni.com\/wp-content\/uploads\/2024\/06\/email.png\" width=\"512\" height=\"512\" \/><\/div><\/div><div class=\"porto-sicon-header\"><h3 class=\"porto-sicon-title\" style=\"\">ESCRIBENOS<\/h3><p>info@centremedicsantantoni.com<\/p><\/div> <!-- header --><\/div><!-- porto-sicon-box --><\/a><a aria-label=\"VISITAS A CONCERTAR\" class=\"porto-sicon-box-link\" href=\"tel:+34972358395\"><div class=\"porto-sicon-box  wpb_custom_cfb1f51d0018f31f3e6bbf164754bf4b style_1 default-icon\"><div class=\"porto-sicon-default\"><div class=\"porto-just-icon-wrapper porto-sicon-img  porto-icon-9f5d1cfb45d27d96b50bf473aebba227\" style=\"font-size: 60px;\"><img loading=\"lazy\" decoding=\"async\" class=\"img-icon\" alt=\"Centre Medic Sant Antoni\" src=\"https:\/\/centremedicsantantoni.com\/wp-content\/uploads\/2024\/06\/telefono.png\" width=\"512\" height=\"512\" \/><\/div><\/div><div class=\"porto-sicon-header\"><h3 class=\"porto-sicon-title\" style=\"\">VISITAS A CONCERTAR<\/h3><p>972 35 83 95<\/p><\/div> <!-- header --><\/div><!-- porto-sicon-box --><\/a><a aria-label=\"VIS\u00cdTANOS\" class=\"porto-sicon-box-link\" href=\"https:\/\/maps.app.goo.gl\/ziqk3X84eVF3jZhZ9\" target='_blank'><div class=\"porto-sicon-box  wpb_custom_cfb1f51d0018f31f3e6bbf164754bf4b style_1 default-icon\"><div class=\"porto-sicon-default\"><div class=\"porto-just-icon-wrapper porto-sicon-img  porto-icon-9f5d1cfb45d27d96b50bf473aebba227\" style=\"font-size: 60px;\"><img loading=\"lazy\" decoding=\"async\" class=\"img-icon\" alt=\"Centre Medic Sant Antoni\" src=\"https:\/\/centremedicsantantoni.com\/wp-content\/uploads\/2024\/06\/direccion.png\" width=\"512\" height=\"512\" \/><\/div><\/div><div class=\"porto-sicon-header\"><h3 class=\"porto-sicon-title\" style=\"\">VIS\u00cdTANOS<\/h3><p>C\/ Joan Maragall, 1 - 17300 Blanes (Girona)<\/p><\/div> <!-- header --><\/div><!-- porto-sicon-box --><\/a><div class=\"porto-sicon-box  wpb_custom_cfb1f51d0018f31f3e6bbf164754bf4b style_1 default-icon\"><div class=\"porto-sicon-default\"><div class=\"porto-just-icon-wrapper porto-sicon-img  porto-icon-9f5d1cfb45d27d96b50bf473aebba227\" style=\"font-size: 60px;\"><img loading=\"lazy\" decoding=\"async\" class=\"img-icon\" alt=\"Centre Medic Sant Antoni\" src=\"https:\/\/centremedicsantantoni.com\/wp-content\/uploads\/2024\/06\/horario.png\" width=\"512\" height=\"512\" \/><\/div><\/div><div class=\"porto-sicon-header\"><h3 class=\"porto-sicon-title\" style=\"\">HORARIO DE ATENCI\u00d3N<\/h3><p>Lunes a viernes: de 9:00 a 13:00 y 15:00 a 20:30 |&lt;br&gt;<br \/>\nS\u00e1bado: de 10:00 a 13:00<\/p><\/div> <!-- header --><\/div><!-- porto-sicon-box -->[\/vc_column][vc_column width=\u00bb1\/2&#8243;][vc_gmaps link=\u00bb#E-8_JTNDaWZyYW1lJTIwc3JjJTNEJTIyaHR0cHMlM0ElMkYlMkZ3d3cuZ29vZ2xlLmNvbSUyRm1hcHMlMkZlbWJlZCUzRnBiJTNEJTIxMW0xOCUyMTFtMTIlMjExbTMlMjExZDI5NzkuOTQzOTE5MzY5NjU1JTIxMmQyLjc4NDQwOTg3NjU5OTY1NTclMjEzZDQxLjY3ODU1NDU3Nzg4MzQzJTIxMm0zJTIxMWYwJTIxMmYwJTIxM2YwJTIxM20yJTIxMWkxMDI0JTIxMmk3NjglMjE0ZjEzLjElMjEzbTMlMjExbTIlMjExczB4MTJiYjE3YjUzOTU3N2MwMSUyNTNBMHg5Y2QyZThlOTUwZTI0MWEzJTIxMnNDZW50cmUlMjUyME0lMjVDMyUyNUE4ZGljJTI1MjBTYW50JTI1MjBBbnRvbmklMjE1ZTAlMjEzbTIlMjExc2VzJTIxMnNlcyUyMTR2MTcxNjk4ODI3Nzg2MiUyMTVtMiUyMTFzZXMlMjEyc2VzJTIyJTIwd2lkdGglM0QlMjI2MDAlMjIlMjBoZWlnaHQlM0QlMjI0NTAlMjIlMjBzdHlsZSUzRCUyMmJvcmRlciUzQTAlM0IlMjIlMjBhbGxvd2Z1bGxzY3JlZW4lM0QlMjIlMjIlMjBsb2FkaW5nJTNEJTIybGF6eSUyMiUyMHJlZmVycmVycG9saWN5JTNEJTIybm8tcmVmZXJyZXItd2hlbi1kb3duZ3JhZGUlMjIlM0UlM0MlMkZpZnJhbWUlM0U=\u00bb size=\u00bb430&#8243; css=\u00bb\u00bb][\/vc_column][\/vc_row][\/vc_section]<\/p>\n<\/div>","protected":false},"excerpt":{"rendered":"<p>[vc_row][vc_column][vc_custom_heading text=\u00bbPsicolog\u00eda Infante-Juvenil y Adultos, Logopedia, Psicopedagog\u00eda.\u00bb font_container=\u00bbtag:h1|text_align:left\u00bb use_theme_fonts=\u00bbyes\u00bb css=\u00bb\u00bb el_class=\u00bbmlh_h1&#8243;][\/vc_column][\/vc_row][vc_row css=\u00bb.vc_custom_1717673767479{margin-top: -115px !important;}\u00bb conditional_render=\u00bb%5B%7B%22value_role%22%3A%22administrator%22%7D%5D\u00bb][vc_column width=\u00bb1\/3&#8243;][\/vc_column][vc_column width=\u00bb1\/3&#8243;][\/vc_column][vc_column width=\u00bb1\/3&#8243;][\/vc_column][\/vc_row][vc_section full_width=\u00bbstretch_row\u00bb css=\u00bb.vc_custom_1718026863103{padding-top: 30px !important;padding-bottom: 0px !important;background-image: url(https:\/\/centremedicsantantoni.com\/wp-content\/uploads\/2024\/06\/09f87fc5-5a90-45f1-a989-73795fbf2045-Photoroom.png?id=493) !important;background-position: center !important;background-repeat: no-repeat !important;background-size: contain !important;}\u00bb conditional_render=\u00bb%5B%7B%22value_role%22%3A%22administrator%22%7D%5D\u00bb el_id=\u00bbempresa\u00bb el_class=\u00bbmlh_empresa\u00bb][vc_row content_placement=\u00bbmiddle\u00bb conditional_render=\u00bb%5B%7B%22value_role%22%3A%22administrator%22%7D%5D\u00bb css=\u00bb.vc_custom_1717674769183{margin-bottom: 40px !important;}\u00bb][vc_column width=\u00bb1\/2&#8243;][vc_custom_heading text=\u00bbNUESTRA EMPRESA\u00bb font_container=\u00bbtag:h2|font_size:1rem|text_align:left|color:var(&#8211;porto-secondary-color)|line_height:1.1&#8243; use_theme_fonts=\u00bbyes\u00bb css=\u00bb.vc_custom_1716912005646{margin-bottom: 10px !important;}\u00bb font_weight=\u00bb500&#8243; letter_spacing=\u00bb4px\u00bb][vc_custom_heading text=\u00bbTu centro de psicolog\u00eda en [&hellip;]<\/p>\n","protected":false},"author":1,"featured_media":0,"parent":0,"menu_order":0,"comment_status":"closed","ping_status":"closed","template":"","meta":{"_seopress_robots_primary_cat":"","_seopress_titles_title":"%%sitetitle%% %%sep%% %%tagline%%","_seopress_titles_desc":"Centro M\u00e9dico Sant Antoni - Psic\u00f3logos especializados en Blanes Ofrecemos servicios de psicolog\u00eda infantil, adultos y psicopedagog\u00eda. Nuestro equipo de profesionales realiza diagn\u00f3stico, tratamiento y prevenci\u00f3n de problemas psicol\u00f3gicos, mejorando la salud mental y bienestar de nuestros pacientes.","_seopress_robots_index":"","footnotes":""},"class_list":["post-564","page","type-page","status-publish","hentry"],"_links":{"self":[{"href":"https:\/\/centremedicsantantoni.com\/es\/wp-json\/wp\/v2\/pages\/564","targetHints":{"allow":["GET"]}}],"collection":[{"href":"https:\/\/centremedicsantantoni.com\/es\/wp-json\/wp\/v2\/pages"}],"about":[{"href":"https:\/\/centremedicsantantoni.com\/es\/wp-json\/wp\/v2\/types\/page"}],"author":[{"embeddable":true,"href":"https:\/\/centremedicsantantoni.com\/es\/wp-json\/wp\/v2\/users\/1"}],"replies":[{"embeddable":true,"href":"https:\/\/centremedicsantantoni.com\/es\/wp-json\/wp\/v2\/comments?post=564"}],"version-history":[{"count":2,"href":"https:\/\/centremedicsantantoni.com\/es\/wp-json\/wp\/v2\/pages\/564\/revisions"}],"predecessor-version":[{"id":615,"href":"https:\/\/centremedicsantantoni.com\/es\/wp-json\/wp\/v2\/pages\/564\/revisions\/615"}],"wp:attachment":[{"href":"https:\/\/centremedicsantantoni.com\/es\/wp-json\/wp\/v2\/media?parent=564"}],"curies":[{"name":"wp","href":"https:\/\/api.w.org\/{rel}","templated":true}]}}